{"id":7614,"date":"2019-11-06T10:07:03","date_gmt":"2019-11-06T12:07:03","guid":{"rendered":"http:\/\/www.itutrailer.com.br\/site\/campismo\/?page_id=7614"},"modified":"2025-02-11T10:21:44","modified_gmt":"2025-02-11T13:21:44","slug":"trailer-jay-flight-slx","status":"publish","type":"page","link":"https:\/\/www.itutrailer.com.br\/site\/campismo\/locacao\/locacao-trailers\/trailer-jay-flight-slx\/","title":{"rendered":"Trailer Jay Flight Slx"},"content":{"rendered":"<section class=\"wpb-content-wrapper\"><p>[vc_row][vc_column width=&#8221;1\/2&#8243;][vc_row_inner][vc_column_inner width=&#8221;1\/2&#8243;][vc_column_text]<\/p>\n<h1><span style=\"color: #00ce6b; font-family: verdana, geneva, sans-serif;\">Loca\u00e7\u00e3o<\/span><\/h1>\n<p>[\/vc_column_text][\/vc_column_inner][vc_column_inner width=&#8221;1\/2&#8243;][\/vc_column_inner][\/vc_row_inner][vc_row_inner][vc_column_inner][vc_gallery interval=&#8221;3&#8243; images=&#8221;7615,7616,7617,7618,7619,7620,7621,7622,7623,7624,7625,7626,7627,7628,7629,7630,7631,7632,7633,7634,7635,7636,7637,7638,7639,7640,7641,7642,7643,7644,7645,7646,7647,7648,7649,7650,7651,7652,7653,7654,7655&#8243; img_size=&#8221;800&#215;400&#8243; onclick=&#8221;img_link_large&#8221; custom_links_target=&#8221;_blank&#8221;][\/vc_column_inner][\/vc_row_inner][vc_empty_space][vc_single_image image=&#8221;8618&#8243; img_size=&#8221;full&#8221; alignment=&#8221;center&#8221;][\/vc_column][vc_column width=&#8221;1\/2&#8243;][vc_column_text]<span style=\"font-size: 20; font-family: verdana, geneva, sans-serif; color: #808080;\">Trailer Jay Flight Slx<\/span>[\/vc_column_text][vc_tta_tabs active_section=&#8221;1&#8243;][vc_tta_section title=&#8221;Descri\u00e7\u00e3o&#8221; tab_id=&#8221;1471526930947-32b6d156-f486&#8243;][vc_column_text]<span class=\"titulo-abas\" style=\"font-family: 'arial black', sans-serif;\">DIMENS\u00d5ES<\/span><br \/>\n<span class=\"titulo-abas\"><span class=\"texto-abas\"><br \/>\n<span style=\"font-size: 12pt; font-family: arial, helvetica, sans-serif;\"><strong>Comprimento total: 5.50m<br \/>\nComprimento da carroceria: 4.50m<br \/>\nAltura externa total: 2.75m<br \/>\nLargura: 2.15m<br \/>\nAltura interna: 1.86m<br \/>\nN\u00famero de eixos: 01<br \/>\nPBT: 1.475kg<br \/>\nTara (peso do Trailer): 1.203kg<br \/>\nCapacidade de carga: 272kg<br \/>\nPeso no engate: 127kg<br \/>\nCaixa de \u00e1gua limpa: 38L + 48 adicionais<br \/>\nCaixa de \u00e1gua servida: 76L<br \/>\nCaixa de detritos: 76L<br \/>\nComprimento do toldo: 3.00m<br \/>\nAr condicionado upgrade: 13.500BTU (teto)<br \/>\nCalefa\u00e7\u00e3o: 18.000BTU<br \/>\nAquecedor de \u00e1gua boiler: 23L<br \/>\nBagageiro: 510L<br \/>\nAcomoda\u00e7\u00f5es: 04 pessoas<\/strong><\/span><br \/>\n<\/span><br \/>\n<\/span><\/p>\n<p><span class=\"titulo-abas\"><br \/>\n<span style=\"font-family: 'arial black', sans-serif;\">CARACTER\u00cdSTICAS GERAIS<\/span><\/span><br \/>\n<span class=\"texto-abas\" style=\"font-family: arial, helvetica, sans-serif; font-size: 12pt;\">\u2022&nbsp;Faixas decorativas padr\u00e3o Jayco<br \/>\n\u2022 Revestimento interno laminado<br \/>\n\u2022 Isolamento termo ac\u00fastico de \u00faltima gera\u00e7\u00e3o<br \/>\n\u2022 Revestimento externo de alum\u00ednio de alto brilho<br \/>\n\u2022 Teto emborrachado sem emendas<br \/>\n\u2022 Chassi de a\u00e7o estampado de 3\u201d<br \/>\n\u2022 Quadro do cabe\u00e7alho integrado ao chassi<br \/>\n\u2022 Suspens\u00e3o com feixe de mola<br \/>\n\u2022 Bagageiro com acesso externo<br \/>\n\u2022 Para-choque com local para guarda de mangueira<br \/>\n\u2022 Freios el\u00e9tricos<br \/>\n\u2022 Botij\u00e3o de g\u00e1s<br \/>\n\u2022 4 sapatas manuais de apoio<br \/>\n\u2022 Escada da porta de entrada retr\u00e1til<br \/>\n\u2022 Toldo retr\u00e1til el\u00e9trico com ilumina\u00e7\u00e3o em LED<br \/>\n\u2022 Rodas esportivas aro 14<br \/>\n\u2022 Pneus radiais Goodyear 205 x 75 x14<br \/>\n\u2022 Estepe com capa personalizada<br \/>\n\u2022 Porta de entrada com tela mosquiteira<br \/>\n\u2022 Chave \u00fanica para porta de entrada e bagageiros<br \/>\n\u2022 Clarab\u00f3ia skylight no box<br \/>\n\u2022 Clarab\u00f3ia no banheiro<br \/>\n\u2022 Janelas de vidro temperado<br \/>\n\u2022 Janela frontal com capa escamote\u00e1vel<br \/>\n\u2022 Persianas<br \/>\n\u2022 Colch\u00e3o com espuma de alta densidade<br \/>\n\u2022 TV<br \/>\n\u2022 Antena Winnegard para canal aberto com booster<br \/>\n\u2022 Sistema de som com AM\/FM\/USB\/MP3\/IPod e Bluetooth<br \/>\n\u2022 Alto- falantes externos (bra\u00e7os do toldo)<br \/>\n\u2022 Antena externa de FM<br \/>\n\u2022 Alarme com detector de g\u00e1s e mon\u00f3xido de carbono (2 em 1)<br \/>\n\u2022 Alarme com detector de fuma\u00e7a<br \/>\n\u2022 Box com banheira em ABS<br \/>\n\u2022 Sanit\u00e1rio com acionamento por pedal<br \/>\n\u2022 Cuba da pias em acr\u00edlico<br \/>\n\u2022 Torneiras e duchas com misturador<br \/>\n\u2022 Transformador de 10.000 VA 220V<br \/>\n\u2022 Ilumina\u00e7\u00e3o interna em LED<br \/>\n\u2022 Lanternas externas em LED<br \/>\n\u2022 Sistema de aquecimento interno (calefa\u00e7\u00e3o)<br \/>\n\u2022 Geladeira com freezer de 85L \u2013 g\u00e1s\/110V (autom\u00e1tica)<br \/>\n\u2022 Micro-ondas<br \/>\n\u2022 Fog\u00e3o de 2 bocas<br \/>\n\u2022 Exaustor<br \/>\n\u2022 Aquecedor de \u00e1gua a g\u00e1s (boiler 23L)<br \/>\n\u2022 Computador de bordo<br \/>\n\u2022 Tomadas externas<br \/>\n\u2022 Carregador de bateria autom\u00e1tico<br \/>\n\u2022 Bateria<br \/>\n\u2022 Corrim\u00e3o de entrada<br \/>\n\u2022 Bequilha manual com roda<br \/>\n\u2022 Dinete\/cama 154BH \u2013 1.35 x 2.05m<br \/>\n\u2022 Beliches 154BH: 1.93 x 0.76m<br \/>\n\u2022 15m de extens\u00e3o el\u00e9trica em cabo PP<br \/>\n\u2022 Mangueira de H.T.<br \/>\n\u2022 Conversor autom\u00e1tico<br \/>\n\u2022 Pia no banheiro<br \/>\n\u2022 Chave de roda e macaco de pist\u00e3o<br \/>\n\u2022 Mangueira de \u00e1gua<br \/>\n\u2022 Cal\u00e7o de roda<br \/>\n\u2022 Kit Valterra para nivelamento<br \/>\n\u2022 Kit Cozinha<\/span>[\/vc_column_text][\/vc_tta_section][vc_tta_section title=&#8221;Planta baixa&#8221; tab_id=&#8221;1471527682772-5e078eb8-8f9f&#8221;][vc_single_image image=&#8221;7659&#8243; img_size=&#8221;full&#8221;][\/vc_tta_section][vc_tta_section title=&#8221;Perguntas Frequentes&#8221; tab_id=&#8221;1573586036095-8652fd46-15c0&#8243;][vc_column_text]<span style=\"font-family: arial, helvetica, sans-serif;\"><strong>Posso rebocar\/puxar o Trailer com carros de passeio?<\/strong><\/span><br \/>\n<span style=\"font-family: arial, helvetica, sans-serif;\">R: Infelizmente n\u00e3o, recomendamos tracionar os Trailers com ve\u00edculos tra\u00e7\u00e3o traseira ou 4X4 para sua seguran\u00e7a e de toda sua fam\u00edlia.<\/span><\/p>\n<p>&nbsp;<\/p>\n<p><span style=\"font-family: arial, helvetica, sans-serif;\"><strong>O que preciso ter no meu ve\u00edculo para rebocar um Trailer?<\/strong><\/span><br \/>\n<span style=\"font-family: arial, helvetica, sans-serif;\">R: \u00c9 obrigat\u00f3rio ter instalado um engate refor\u00e7ado com capacidade m\u00ednima para 1.500 kg, e tomada 07 polos devidamente ligada no padr\u00e3o para o funcionamento do freio el\u00e9trico e lanternas de sinaliza\u00e7\u00e3o do trailer. A altura da bola do engate at\u00e9 ch\u00e3o n\u00e3o deve ultrapassar 50cm.<\/span><\/p>\n<p>&nbsp;<\/p>\n<p><span style=\"font-family: arial, helvetica, sans-serif;\"><strong>Como \u00e9 rebocar um Trailer?<\/strong><\/span><br \/>\n<span style=\"font-family: arial, helvetica, sans-serif;\">R: N\u00e3o \u00e9 dif\u00edcil rebocar o Trailer, pois o mesmo possui um sistema de freio pr\u00f3prio e peso balanceado. \u00c9 importante ter um ve\u00edculo compat\u00edvel. Tamb\u00e9m \u00e9 muito importante redobrar a aten\u00e7\u00e3o em curvas, mudan\u00e7a de faixa e ultrapassagens. Lembrando que, a partir do momento que seu ve\u00edculo est\u00e1 atrelado ao Trailer, deve-se respeitar a velocidade permitida a caminh\u00f5es e carretas.<\/span><\/p>\n<p>&nbsp;<\/p>\n<p><span style=\"font-family: arial, helvetica, sans-serif;\"><strong>O Trailer tem seguro?<\/strong><\/span><br \/>\n<span style=\"font-family: arial, helvetica, sans-serif;\">R: Sim, e o seguro tem cobertura contra colis\u00e3o, inc\u00eandio, roubo, perda total, danos materiais e terceiros.<\/span><\/p>\n<p>&nbsp;<\/p>\n<p><span style=\"font-family: arial, helvetica, sans-serif;\"><strong>Posso fazer viagens internacionais?<\/strong><\/span><br \/>\n<span style=\"font-family: arial, helvetica, sans-serif;\">R: N\u00e3o, nossos Trailers n\u00e3o est\u00e3o autorizados a fazer viagens fora do Territ\u00f3rio Nacional.<\/span><\/p>\n<p>&nbsp;<\/p>\n<p><span style=\"font-family: arial, helvetica, sans-serif;\"><strong>Qual a diferen\u00e7a entre Trailer e Motor Home?<\/strong><\/span><br \/>\n<span style=\"font-family: arial, helvetica, sans-serif;\">R: O Trailer \u00e9 rebocado com o seu ve\u00edculo atrav\u00e9s do engate, j\u00e1 os Motor Homes (Motor Casas) como o pr\u00f3prio j\u00e1 diz, \u00e9 uma casa com motor, tudo no mesmo ve\u00edculo.<\/span><\/p>\n<p>&nbsp;<\/p>\n<p><span style=\"font-family: arial, helvetica, sans-serif;\"><strong>Posso transportar passageiros dentro do Trailer?<\/strong><\/span><br \/>\n<span style=\"font-family: arial, helvetica, sans-serif;\">R: N\u00e3o \u00e9 permitido transportar pessoas dentro do Trailer enquanto viaja.<\/span><\/p>\n<p>&nbsp;<\/p>\n<p><span style=\"font-family: arial, helvetica, sans-serif;\"><strong>Depois de estacionar o Trailer, preciso ligar em alguma tomada?<\/strong><\/span><br \/>\n<span style=\"font-family: arial, helvetica, sans-serif;\">R: O ideal \u00e9 ligar o Trailer em uma fonte de energia externa (110 ou 220), para seu funcionamento total.<\/span><\/p>\n<p>&nbsp;<\/p>\n<p><span style=\"font-family: arial, helvetica, sans-serif;\"><strong>Se n\u00e3o conseguir ligar o Trailer em uma tomada, por quantas horas consigo utilizar a bateria estacion\u00e1ria? E quais equipamentos consigo ligar?<\/strong><\/span><br \/>\n<span style=\"font-family: arial, helvetica, sans-serif;\">R: A bateria do Trailer tem durabilidade em torno de 05 horas (somente as l\u00e2mpadas e a bomba d`\u00e1gua funcionar\u00e3o desta forma). Ser\u00e1 poss\u00edvel usar a Geladeira, Fog\u00e3o, Chuveiro, Torneiras, Aquecedor de \u00c1gua e Sistema de Calefa\u00e7\u00e3o, pois esses equipamentos funcionam a g\u00e1s. Aparelhos de alto consumo de energia como Ar condicionado, TV e Micro ondas, funcionar\u00e3o somente ligados a uma rede de energia.<\/span><\/p>\n<p>&nbsp;<\/p>\n<p><span style=\"font-family: arial, helvetica, sans-serif;\"><strong>Quais acess\u00f3rios acompanham o Trailer?<\/strong><\/span><br \/>\n<span style=\"font-family: arial, helvetica, sans-serif;\">R: Disponibilizamos como cortesia itens de cozinha para uso do cliente.<\/span><\/p>\n<p>&nbsp;<\/p>\n<p><span style=\"font-family: arial, helvetica, sans-serif;\"><strong>Tem toalhas e roupas de cama?<\/strong><\/span><br \/>\n<span style=\"font-family: arial, helvetica, sans-serif;\">R: Kit\u00b4s de roupa de cama e banho ser\u00e3o oferecidos como opcionais ao cliente.<\/span><\/p>\n<p>&nbsp;<\/p>\n<p><span style=\"font-family: arial, helvetica, sans-serif;\"><strong>Como \u00e9 o sistema de aquecimento de \u00e1gua do chuveiro?<\/strong><\/span><br \/>\n<span style=\"font-family: arial, helvetica, sans-serif;\">R: O aquecedor \u00e9 do tipo Boiler, \u00e9 necess\u00e1rio acender a Chama Piloto, e aguardar aquecer a \u00e1gua do reservat\u00f3rio (23L).<\/span><\/p>\n<p>&nbsp;<\/p>\n<p><span style=\"font-family: arial, helvetica, sans-serif;\"><strong>Onde posso abastecer os reservat\u00f3rios de \u00e1gua?<\/strong><\/span><br \/>\n<span style=\"font-family: arial, helvetica, sans-serif;\">R: Voc\u00ea pode abastecer em Postos de Combust\u00edvel e nos Campings onde for acampar.<\/span><\/p>\n<p>&nbsp;<\/p>\n<p><span style=\"font-family: arial, helvetica, sans-serif;\"><strong>Onde posso fazer o descarte das \u00e1guas servidas e de detritos dos reservat\u00f3rios?<\/strong><\/span><br \/>\n<span style=\"font-family: arial, helvetica, sans-serif;\">R: Normalmente nos Campings que possuem estrutura para receber o Trailer, ou em nossa pr\u00f3pria rede de esgoto na devolu\u00e7\u00e3o.<\/span><\/p>\n<p>&nbsp;<\/p>\n<p><span style=\"font-family: arial, helvetica, sans-serif;\"><strong>Como tratar os dejetos da Caixa de Detritos (Holding Tank\/Caixa de \u00c1gua Negra)?<\/strong><\/span><br \/>\n<span style=\"font-family: arial, helvetica, sans-serif;\">R: Fornecemos uma quantidade de Desodorizante Biodegrad\u00e1vel (Aqua Kem) que \u00e9 colocado na caixa de detritos. Esse Desodorizante possui neutralizantes qu\u00edmicos que controlam bact\u00e9rias, inibem odores e dissolvem res\u00edduos de forma biodegrad\u00e1vel.<\/span><\/p>\n<p>&nbsp;<\/p>\n<p><span style=\"font-family: arial, helvetica, sans-serif;\"><strong>Como funciona o vaso sanit\u00e1rio?<\/strong><\/span><br \/>\n<span style=\"font-family: arial, helvetica, sans-serif;\">R: A descarga \u00e9 acionada atrav\u00e9s de pedal, o primeiro \u201cest\u00e1gio\u201d libera adiciona \u00e1gua e o segundo libera o fluxo para a Caixa de Detritos<\/span><\/p>\n<p>&nbsp;<\/p>\n<p><span style=\"font-family: arial, helvetica, sans-serif;\"><strong>Posso utilizar o banheiro durante as viagens?<\/strong><\/span><br \/>\n<span style=\"font-family: arial, helvetica, sans-serif;\">R: Ap\u00f3s estacionar o Trailer, sim.<\/span><\/p>\n<p>&nbsp;<\/p>\n<p><span style=\"font-family: arial, helvetica, sans-serif;\"><strong>Posso sair com meu ve\u00edculo ap\u00f3s desengatar o Trailer?<\/strong><\/span><br \/>\n<span style=\"font-family: arial, helvetica, sans-serif;\">R: Sim, este \u00e9 um grande diferencial entre o Trailer e o Motor Home. Voc\u00ea pode deixar o Trailer estacionado no Camping e realizar passeios com seu pr\u00f3prio ve\u00edculo.<\/span><\/p>\n<p>&nbsp;<\/p>\n<p><span style=\"font-family: arial, helvetica, sans-serif;\"><strong>Vou saber manusear os equipamentos do Trailer?<\/strong><\/span><br \/>\n<span style=\"font-family: arial, helvetica, sans-serif;\">R: Ap\u00f3s a chegada na empresa e a finaliza\u00e7\u00e3o dos tramites legais da loca\u00e7\u00e3o, nossa equipe realizar\u00e1 a entrega t\u00e9cnica do Trailer, onde ser\u00e3o apresentados todos os equipamentos, bem como o funcionamento de cada um deles, podendo assim sanar qualquer d\u00favida com rela\u00e7\u00e3o ao seu funcionamento.<\/span>[\/vc_column_text][\/vc_tta_section][vc_tta_section title=&#8221;Condi\u00e7\u00f5es Gerais&#8221; tab_id=&#8221;1573586259413-c8c1b02c-e50b&#8221;][vc_column_text]<\/p>\n<ul type=\"disc\">\n<li style=\"list-style-type: none;\">\n<ul type=\"disc\">\n<li class=\"x_MsoListParagraph\"><span style=\"font-family: arial, helvetica, sans-serif; font-size: 12pt;\">O condutor deve ter idade igual ou superior a 30 anos.<br \/>\n<\/span><\/li>\n<li class=\"x_MsoListParagraph\"><span style=\"font-family: arial, helvetica, sans-serif; font-size: 12pt;\">Possuir CNH categoria B, C, D ou E dentro da validade.<\/span><\/li>\n<li class=\"x_MsoListParagraph\"><span style=\"font-family: arial, helvetica, sans-serif; font-size: 12pt;\">Viagens somente dentro do Estado de S\u00e3o Paulo e rodovias asfaltadas.<\/span><\/li>\n<li class=\"x_MsoListParagraph\"><span style=\"font-family: arial, helvetica, sans-serif; font-size: 12pt;\">Cart\u00e3o de credito com limite dispon\u00edvel de R$ 7.350,00 para cau\u00e7\u00e3o (pr\u00e9 autoriza\u00e7\u00e3o)<\/span><\/li>\n<li class=\"x_MsoListParagraph\"><span style=\"font-family: arial, helvetica, sans-serif; font-size: 12pt;\">Per\u00edodo m\u00ednimo de loca\u00e7\u00e3o s\u00e3o 4 di\u00e1rias e m\u00e1ximo de 07 di\u00e1rias<\/span><\/li>\n<li class=\"x_MsoListParagraph\"><span style=\"font-family: arial, helvetica, sans-serif; font-size: 12pt;\">Nos meses de Janeiro, Fevereiro, Julho, Carnaval e Feriados, o per\u00edodo m\u00e1ximo de loca\u00e7\u00e3o \u00e9 de 7 di\u00e1rias.<\/span><\/li>\n<li class=\"x_MsoListParagraph\"><span style=\"font-family: arial, helvetica, sans-serif; font-size: 12pt;\">O locat\u00e1rio possui direito de percorrer a dist\u00e2ncia m\u00e1xima de 350 km de dist\u00e2ncia da base de retirada.<\/span><\/li>\n<li class=\"x_MsoListParagraph\"><span style=\"font-family: arial, helvetica, sans-serif; font-size: 12pt;\">N\u00e3o \u00e9 permitido transportar pessoas ou animais dentro do Trailer.<\/span><\/li>\n<li class=\"x_MsoListParagraph\"><span style=\"font-family: arial, helvetica, sans-serif; font-size: 12pt;\">N\u00e3o \u00e9 permitido em hip\u00f3tese alguma fumar dentro do Trailer.<\/span><\/li>\n<li class=\"x_MsoListParagraph\"><span style=\"font-family: arial, helvetica, sans-serif; font-size: 12pt;\">Retiradas e devolu\u00e7\u00f5es de segunda a sexta das&nbsp;08:00-11:30h e 13:00-15:00.<\/span><\/li>\n<li class=\"x_MsoListParagraph\"><span style=\"font-family: arial, helvetica, sans-serif; font-size: 12pt;\">Taxa de limpeza (interna e externa) no valor de R$ 300,00 (trezentos reais).<\/span><\/li>\n<li class=\"x_MsoListParagraph\"><span style=\"font-family: arial, helvetica, sans-serif;\">N\u00e3o abrimos aos s\u00e1bados, domingos e feriados.<\/span><\/li>\n<\/ul>\n<\/li>\n<\/ul>\n<p>[\/vc_column_text][\/vc_tta_section][\/vc_tta_tabs][\/vc_column][\/vc_row][vc_row][vc_column width=&#8221;2\/3&#8243;][\/vc_column][vc_column width=&#8221;1\/3&#8243;][\/vc_column][\/vc_row]<\/p>\n<\/section>","protected":false},"excerpt":{"rendered":"<p>[vc_row][vc_column width=&#8221;1\/2&#8243;][vc_row_inner][vc_column_inner width=&#8221;1\/2&#8243;][vc_column_text] Loca\u00e7\u00e3o [\/vc_column_text][\/vc_column_inner][vc_column_inner width=&#8221;1\/2&#8243;][\/vc_column_inner][\/vc_row_inner][vc_row_inner][vc_column_inner][vc_gallery interval=&#8221;3&#8243; images=&#8221;7615,7616,7617,7618,7619,7620,7621,7622,7623,7624,7625,7626,7627,7628,7629,7630,7631,7632,7633,7634,7635,7636,7637,7638,7639,7640,7641,7642,7643,7644,7645,7646,7647,7648,7649,7650,7651,7652,7653,7654,7655&#8243; img_size=&#8221;800&#215;400&#8243; onclick=&#8221;img_link_large&#8221; custom_links_target=&#8221;_blank&#8221;][\/vc_column_inner][\/vc_row_inner][vc_empty_space][vc_single_image image=&#8221;8618&#8243; img_size=&#8221;full&#8221; alignment=&#8221;center&#8221;][\/vc_column][vc_column width=&#8221;1\/2&#8243;][vc_column_text]Trailer Jay Flight Slx[\/vc_column_text][vc_tta_tabs active_section=&#8221;1&#8243;][vc_tta_section title=&#8221;Descri\u00e7\u00e3o&#8221; tab_id=&#8221;1471526930947-32b6d156-f486&#8243;][vc_column_text]DIMENS\u00d5ES Comprimento total: 5.50m Comprimento da carroceria: 4.50m Altura externa total: 2.75m Largura: 2.15m Altura interna: 1.86m N\u00famero de eixos: 01 PBT: 1.475kg Tara (peso do Trailer): 1.203kg Capacidade de carga: 272kg Peso no engate: [&hellip;]<\/p>\n","protected":false},"author":1,"featured_media":0,"parent":4317,"menu_order":0,"comment_status":"closed","ping_status":"closed","template":"","meta":{"_monsterinsights_skip_tracking":false,"_monsterinsights_sitenote_active":false,"_monsterinsights_sitenote_note":"","_monsterinsights_sitenote_category":0,"ngg_post_thumbnail":0},"_links":{"self":[{"href":"https:\/\/www.itutrailer.com.br\/site\/campismo\/wp-json\/wp\/v2\/pages\/7614"}],"collection":[{"href":"https:\/\/www.itutrailer.com.br\/site\/campismo\/wp-json\/wp\/v2\/pages"}],"about":[{"href":"https:\/\/www.itutrailer.com.br\/site\/campismo\/wp-json\/wp\/v2\/types\/page"}],"author":[{"embeddable":true,"href":"https:\/\/www.itutrailer.com.br\/site\/campismo\/wp-json\/wp\/v2\/users\/1"}],"replies":[{"embeddable":true,"href":"https:\/\/www.itutrailer.com.br\/site\/campismo\/wp-json\/wp\/v2\/comments?post=7614"}],"version-history":[{"count":28,"href":"https:\/\/www.itutrailer.com.br\/site\/campismo\/wp-json\/wp\/v2\/pages\/7614\/revisions"}],"predecessor-version":[{"id":17341,"href":"https:\/\/www.itutrailer.com.br\/site\/campismo\/wp-json\/wp\/v2\/pages\/7614\/revisions\/17341"}],"up":[{"embeddable":true,"href":"https:\/\/www.itutrailer.com.br\/site\/campismo\/wp-json\/wp\/v2\/pages\/4317"}],"wp:attachment":[{"href":"https:\/\/www.itutrailer.com.br\/site\/campismo\/wp-json\/wp\/v2\/media?parent=7614"}],"curies":[{"name":"wp","href":"https:\/\/api.w.org\/{rel}","templated":true}]}}