{"id":20087,"date":"2026-04-10T13:48:32","date_gmt":"2026-04-10T16:48:32","guid":{"rendered":"https:\/\/www.itutrailer.com.br\/site\/campismo\/?page_id=20087"},"modified":"2026-04-10T13:48:32","modified_gmt":"2026-04-10T16:48:32","slug":"trailer-importado-jayco-154bh-ano-2021","status":"publish","type":"page","link":"https:\/\/www.itutrailer.com.br\/site\/campismo\/venda\/trailer-importado-jayco-154bh-ano-2021\/","title":{"rendered":"Trailer Importado Jayco 154bh Ano 2021"},"content":{"rendered":"<section class=\"wpb-content-wrapper\"><p>[vc_row][vc_column width=&#8221;1\/2&#8243;][vc_column_text]<\/p>\n<h1><span style=\"color: #00ce6b; font-family: verdana, geneva, sans-serif;\">Venda \/&nbsp;<strong>RVs usados<\/strong><\/span><\/h1>\n<p>[\/vc_column_text][vc_row_inner][vc_column_inner][vc_column_text]<span style=\"font-family: arial, helvetica, sans-serif; font-size: 12pt;\">Fotos Externas<\/span>[\/vc_column_text][vc_gallery interval=&#8221;3&#8243; images=&#8221;20088,20089,20090&#8243; img_size=&#8221;620&#215;420&#8243; onclick=&#8221;img_link_large&#8221; custom_links_target=&#8221;_blank&#8221;][vc_column_text]<span style=\"font-family: arial, helvetica, sans-serif; font-size: 12pt;\">Fotos Internas<\/span>[\/vc_column_text][vc_gallery interval=&#8221;3&#8243; images=&#8221;20091,20093,20098,20092,20094,20095,20096&#8243; img_size=&#8221;620&#215;420&#8243; onclick=&#8221;img_link_large&#8221; custom_links_target=&#8221;_blank&#8221;][\/vc_column_inner][\/vc_row_inner][vc_empty_space][\/vc_column][vc_column width=&#8221;1\/2&#8243;][vc_column_text]&nbsp;<\/p>\n<p><span style=\"font-size: 20; font-family: verdana, geneva, sans-serif; color: #808080;\"><strong>Trailer Importado Jayco 154bh Ano 2021<\/strong><\/span><\/p>\n<p><span style=\"font-size: 32; font-family: verdana, geneva, sans-serif; color: #00ce6b;\"><b>R$ 165.000,00<\/b><\/span>[\/vc_column_text][vc_tta_tabs active_section=&#8221;1&#8243;][vc_tta_section title=&#8221;Descri\u00e7\u00e3o&#8221; tab_id=&#8221;1471526930947-32b6d156-f486&#8243;][vc_column_text]<strong><span style=\"font-family: arial, helvetica, sans-serif; font-size: 12pt;\">Trailer Importado Jayco mod 154BH ano 2021 &#8211; \u00fanico dono!<\/span><\/strong><\/p>\n<p>&nbsp;<\/p>\n<p><span style=\"font-family: arial, helvetica, sans-serif; font-size: 12pt;\">Comprimento total (metros): 5,90<\/span><br \/>\n<span style=\"font-family: arial, helvetica, sans-serif; font-size: 12pt;\">Comprimento carroceria (metros): 4,45<\/span><br \/>\n<span style=\"font-family: arial, helvetica, sans-serif; font-size: 12pt;\">Altura externa total (metros): 2,75<\/span><br \/>\n<span style=\"font-family: arial, helvetica, sans-serif; font-size: 12pt;\">Largura (metros): 2,16<\/span><br \/>\n<span style=\"font-family: arial, helvetica, sans-serif; font-size: 12pt;\">Altura interna (metros): 1,98<\/span><\/p>\n<p>&nbsp;<\/p>\n<p><span style=\"font-family: arial, helvetica, sans-serif; font-size: 12pt;\">Caixa de \u00e1gua limpa (litros): 78<\/span><br \/>\n<span style=\"font-family: arial, helvetica, sans-serif; font-size: 12pt;\">Caixa de detritos (litros): 76<\/span><br \/>\n<span style=\"font-family: arial, helvetica, sans-serif; font-size: 12pt;\">Caixa de \u00e1gua servida (litros): 76<\/span><\/p>\n<p>&nbsp;<\/p>\n<p><span style=\"font-family: arial, helvetica, sans-serif; font-size: 12pt;\">N\u00famero de eixos: 01<\/span><br \/>\n<span style=\"font-family: arial, helvetica, sans-serif; font-size: 12pt;\">PBT Legal (kg): 1.564<\/span><br \/>\n<span style=\"font-family: arial, helvetica, sans-serif; font-size: 12pt;\">Tara (peso do Trailer) (kg): 1.180<\/span><br \/>\n<span style=\"font-family: arial, helvetica, sans-serif; font-size: 12pt;\">Capacidade de carga Legal (kg): 384<\/span><\/p>\n<p>&nbsp;<\/p>\n<p><span style=\"font-family: arial, helvetica, sans-serif; font-size: 12pt;\">Ar condicionado frio (BTU\/H): 8.000<\/span><br \/>\n<span style=\"font-family: arial, helvetica, sans-serif; font-size: 12pt;\">Calefa\u00e7\u00e3o (BTU\/H): 18.000<\/span><br \/>\n<span style=\"font-family: arial, helvetica, sans-serif; font-size: 12pt;\">Acomoda\u00e7\u00f5es (pessoas): 04<\/span><br \/>\n<span style=\"font-family: arial, helvetica, sans-serif; font-size: 12pt;\">Bagageiro com ilumina\u00e7\u00e3o (litros): 520<\/span><\/p>\n<p>&nbsp;<\/p>\n<p><span style=\"font-family: arial, helvetica, sans-serif; font-size: 12pt;\">Faixas decorativas originais Jayco<\/span><br \/>\n<span style=\"font-family: arial, helvetica, sans-serif; font-size: 12pt;\">Revestimento interno laminado<\/span><br \/>\n<span style=\"font-family: arial, helvetica, sans-serif; font-size: 12pt;\">Revestimento frontal inferior em<\/span><br \/>\n<span style=\"font-family: arial, helvetica, sans-serif; font-size: 12pt;\">alum\u00ednio xadrez<\/span><br \/>\n<span style=\"font-family: arial, helvetica, sans-serif; font-size: 12pt;\">Isolamento termo ac\u00fastico de \u00faltima gera\u00e7\u00e3o<\/span><br \/>\n<span style=\"font-family: arial, helvetica, sans-serif; font-size: 12pt;\">Revestimento externo em alum\u00ednio de<\/span><br \/>\n<span style=\"font-family: arial, helvetica, sans-serif; font-size: 12pt;\">alto brilho<\/span><br \/>\n<span style=\"font-family: arial, helvetica, sans-serif; font-size: 12pt;\">Teto emborrachado sem emendas<\/span><br \/>\n<span style=\"font-family: arial, helvetica, sans-serif; font-size: 12pt;\">Chassi de a\u00e7o estampado de 3\u201d<\/span><br \/>\n<span style=\"font-family: arial, helvetica, sans-serif; font-size: 12pt;\">Quadro do cabe\u00e7alho integrado ao chassi<\/span><br \/>\n<span style=\"font-family: arial, helvetica, sans-serif; font-size: 12pt;\">Suspens\u00e3o com feixes de mola<\/span><br \/>\n<span style=\"font-family: arial, helvetica, sans-serif; font-size: 12pt;\">Freios el\u00e9tricos em todas as rodas<\/span><br \/>\n<span style=\"font-family: arial, helvetica, sans-serif; font-size: 12pt;\">Rodas esportivas aro 14<\/span><br \/>\n<span style=\"font-family: arial, helvetica, sans-serif; font-size: 12pt;\">Pneus radiais 205 x 75 x 14<\/span><br \/>\n<span style=\"font-family: arial, helvetica, sans-serif; font-size: 12pt;\">Estepe com capa personalizada<\/span><br \/>\n<span style=\"font-family: arial, helvetica, sans-serif; font-size: 12pt;\">04 sapatas de apoio manuais<\/span><br \/>\n<span style=\"font-family: arial, helvetica, sans-serif; font-size: 12pt;\">Cal\u00e7o de roda<\/span><br \/>\n<span style=\"font-family: arial, helvetica, sans-serif; font-size: 12pt;\">Chave de roda<\/span><br \/>\n<span style=\"font-family: arial, helvetica, sans-serif; font-size: 12pt;\">Escada da porta de entrada retr\u00e1til<\/span><br \/>\n<span style=\"font-family: arial, helvetica, sans-serif; font-size: 12pt;\">Para-choque com local para guarda de mangueira de H.T.<\/span><br \/>\n<span style=\"font-family: arial, helvetica, sans-serif; font-size: 12pt;\">Bequilha manual com roda<\/span><br \/>\n<span style=\"font-family: arial, helvetica, sans-serif; font-size: 12pt;\">Bagageiros com chave e prendedores<\/span><br \/>\n<span style=\"font-family: arial, helvetica, sans-serif; font-size: 12pt;\">de porta<\/span><br \/>\n<span style=\"font-family: arial, helvetica, sans-serif; font-size: 12pt;\">Botij\u00e3o de g\u00e1s P13 com capa<\/span><br \/>\n<span style=\"font-family: arial, helvetica, sans-serif; font-size: 12pt;\">Porta de entrada com tela mosquiteira<\/span><br \/>\n<span style=\"font-family: arial, helvetica, sans-serif; font-size: 12pt;\">Chave \u00fanica para porta de entrada<\/span><br \/>\n<span style=\"font-family: arial, helvetica, sans-serif; font-size: 12pt;\">e bagageiros<\/span><br \/>\n<span style=\"font-family: arial, helvetica, sans-serif; font-size: 12pt;\">Corrim\u00e3o de entrada<\/span><br \/>\n<span style=\"font-family: arial, helvetica, sans-serif; font-size: 12pt;\">Antena externa de r\u00e1dio<\/span><br \/>\n<span style=\"font-family: arial, helvetica, sans-serif; font-size: 12pt;\">Antena de TV King para canal aberto<\/span><br \/>\n<span style=\"font-family: arial, helvetica, sans-serif; font-size: 12pt;\">com booster<\/span><br \/>\n<span style=\"font-family: arial, helvetica, sans-serif; font-size: 12pt;\">Alto-falantes externos (bra\u00e7os do toldo)<\/span><br \/>\n<span style=\"font-family: arial, helvetica, sans-serif; font-size: 12pt;\">Toldo el\u00e9trico com ilumina\u00e7\u00e3o LED<\/span><br \/>\n<span style=\"font-family: arial, helvetica, sans-serif; font-size: 12pt;\">Lanternas e ilumina\u00e7\u00e3o externas em LED<\/span><br \/>\n<span style=\"font-family: arial, helvetica, sans-serif; font-size: 12pt;\">Janelas de vidro temperado de correr<\/span><br \/>\n<span style=\"font-family: arial, helvetica, sans-serif; font-size: 12pt;\">com persiana<\/span><br \/>\n<span style=\"font-family: arial, helvetica, sans-serif; font-size: 12pt;\">Janela de sa\u00edda de emerg\u00eancia<\/span><br \/>\n<span style=\"font-family: arial, helvetica, sans-serif; font-size: 12pt;\">Prote\u00e7\u00e3o inferior das caixas d&#8217;\u00e1gua<\/span><br \/>\n<span style=\"font-family: arial, helvetica, sans-serif; font-size: 12pt;\">Conex\u00e3o externa para antena de TV<\/span><br \/>\n<span style=\"font-family: arial, helvetica, sans-serif; font-size: 12pt;\">Tomadas externas<\/span><br \/>\n<span style=\"font-family: arial, helvetica, sans-serif; font-size: 12pt;\">Entrada de \u00e1gua direta<\/span><br \/>\n<span style=\"font-family: arial, helvetica, sans-serif; font-size: 12pt;\">Dome Skylight no box<\/span><br \/>\n<span style=\"font-family: arial, helvetica, sans-serif; font-size: 12pt;\">Clarab\u00f3ia no banheiro<\/span><br \/>\n<span style=\"font-family: arial, helvetica, sans-serif; font-size: 12pt;\">Box para banho em ABS com banheira<\/span><br \/>\n<span style=\"font-family: arial, helvetica, sans-serif; font-size: 12pt;\">Sanit\u00e1rio com acionamento por pedal<\/span><br \/>\n<span style=\"font-family: arial, helvetica, sans-serif; font-size: 12pt;\">Colch\u00f5es extra-comfort com colcha<\/span><br \/>\n<span style=\"font-family: arial, helvetica, sans-serif; font-size: 12pt;\">Cama de casal\/Dinete (1.35m x 2.05m)<\/span><br \/>\n<span style=\"font-family: arial, helvetica, sans-serif; font-size: 12pt;\">Beliche (1.93m x 0.76m)<\/span><br \/>\n<span style=\"font-family: arial, helvetica, sans-serif; font-size: 12pt;\">Geladeira com freezer de 85L \u2013 g\u00e1s\/110V (autom\u00e1tica)<\/span><br \/>\n<span style=\"font-family: arial, helvetica, sans-serif; font-size: 12pt;\">Micro-ondas<\/span><br \/>\n<span style=\"font-family: arial, helvetica, sans-serif; font-size: 12pt;\">Exaustor<\/span><br \/>\n<span style=\"font-family: arial, helvetica, sans-serif; font-size: 12pt;\">Pia com cuba em acr\u00edlico<\/span><br \/>\n<span style=\"font-family: arial, helvetica, sans-serif; font-size: 12pt;\">Ar-condicionado de janela ciclo frio 8.000 BTU\/H<\/span><br \/>\n<span style=\"font-family: arial, helvetica, sans-serif; font-size: 12pt;\">Calefa\u00e7\u00e3o de 18.000 BTU\/H a g\u00e1s<\/span><br \/>\n<span style=\"font-family: arial, helvetica, sans-serif; font-size: 12pt;\">Aquecedor de \u00e1gua tipo boiler (23L), autom\u00e1tico, a g\u00e1s e el\u00e9trico<\/span><br \/>\n<span style=\"font-family: arial, helvetica, sans-serif; font-size: 12pt;\">Sistema de \u00e1udio dual zone com AM\/FM\/AUX\/HDMI e Bluetooth<\/span><br \/>\n<span style=\"font-family: arial, helvetica, sans-serif; font-size: 12pt;\">Ilumina\u00e7\u00e3o interna em LED<\/span><br \/>\n<span style=\"font-family: arial, helvetica, sans-serif; font-size: 12pt;\">Espera para TV<\/span><br \/>\n<span style=\"font-family: arial, helvetica, sans-serif; font-size: 12pt;\">Tomadas 110V e 220V<\/span><br \/>\n<span style=\"font-family: arial, helvetica, sans-serif; font-size: 12pt;\">Transformador de 10.000VA 110V\/220V<\/span><br \/>\n<span style=\"font-family: arial, helvetica, sans-serif; font-size: 12pt;\">Carregador de bateria autom\u00e1tico<\/span><br \/>\n<span style=\"font-family: arial, helvetica, sans-serif; font-size: 12pt;\">Chave geral para bateria<\/span><br \/>\n<span style=\"font-family: arial, helvetica, sans-serif; font-size: 12pt;\">Computador de bordo<\/span><br \/>\n<span style=\"font-family: arial, helvetica, sans-serif; font-size: 12pt;\">Central de Monitoramento (Od\u00f4metro)<\/span><br \/>\n<span style=\"font-family: arial, helvetica, sans-serif; font-size: 12pt;\">Alarme com detector de g\u00e1s e CO<\/span><br \/>\n<span style=\"font-family: arial, helvetica, sans-serif; font-size: 12pt;\">Alarme com detector de fuma\u00e7a<\/span><br \/>\n<span style=\"font-family: arial, helvetica, sans-serif; font-size: 12pt;\">Torneiras e duchas com misturador<\/span><br \/>\n<span style=\"font-family: arial, helvetica, sans-serif; font-size: 12pt;\">Cubas das pias em acr\u00edlico<\/span><br \/>\n<span style=\"font-family: arial, helvetica, sans-serif; font-size: 12pt;\">10m de extens\u00e3o el\u00e9trica retr\u00e1til<\/span><br \/>\n<span style=\"font-family: arial, helvetica, sans-serif; font-size: 12pt;\">15m de mangueira para \u00e1gua<\/span><br \/>\n<span style=\"font-family: arial, helvetica, sans-serif; font-size: 12pt;\">05m de mangueira de H.T.<\/span><\/p>\n<p>&nbsp;<\/p>\n<p><strong><span style=\"font-family: arial, helvetica, sans-serif; font-size: 12pt;\">Acess\u00f3rios:<\/span><\/strong><br \/>\n<span style=\"font-family: arial, helvetica, sans-serif; font-size: 12pt;\">Sirene Automotiva de 7 tons com microfone<\/span><br \/>\n<span style=\"font-family: arial, helvetica, sans-serif; font-size: 12pt;\">Espelho Bisote na porta do Banheiro<\/span><br \/>\n<span style=\"font-family: arial, helvetica, sans-serif; font-size: 12pt;\">Secador de Toalhas<\/span><br \/>\n<span style=\"font-family: arial, helvetica, sans-serif; font-size: 12pt;\">Suporte Articulado para TV<\/span><br \/>\n<span style=\"font-family: arial, helvetica, sans-serif; font-size: 12pt;\">Bateria de Lithium 200 amp ,carregador DCDC (carregar com rebocador , Carregador 110\/220V, Transformador, Monitor e Controlador de carga Eco-Worthy<\/span><br \/>\n<span style=\"font-family: arial, helvetica, sans-serif; font-size: 12pt;\">Caixa de \u00e1gua auxiliar de 40L (totalizando 78L)<\/span><br \/>\n<span style=\"font-family: arial, helvetica, sans-serif; font-size: 12pt;\">02 Gavetas com corredi\u00e7a telesc\u00f3pica (embaixo do beliche e dinete)<\/span><br \/>\n<span style=\"font-family: arial, helvetica, sans-serif; font-size: 12pt;\">Fog\u00e3o Novo (mod 2024)<\/span><br \/>\n<span style=\"font-family: arial, helvetica, sans-serif; font-size: 12pt;\">Camera de R\u00e9<\/span><br \/>\n<span style=\"font-family: arial, helvetica, sans-serif; font-size: 12pt;\">P\u00e9 de Mesa Pantogr\u00e1fico<\/span><\/p>\n<p>&nbsp;<\/p>\n<p><span style=\"font-family: arial, helvetica, sans-serif; font-size: 12pt;\">*<\/span><span style=\"font-family: arial, helvetica, sans-serif; font-size: 12pt;\">As informa\u00e7\u00f5es das fotos e de toda a descri\u00e7\u00e3o do produto podem sofrer altera\u00e7\u00f5es sem pr\u00e9vio aviso.<\/span><br \/>\n<span style=\"font-family: arial, helvetica, sans-serif; font-size: 12pt;\">*As fotos apresentadas podem conter opcionais instalados.<\/span><br \/>\n<span style=\"font-family: arial, helvetica, sans-serif; font-size: 12pt;\">Caso tenha alguma d\u00favida, favor entrar em contato com uma de nossas revendas.<\/span>[\/vc_column_text][\/vc_tta_section][\/vc_tta_tabs][\/vc_column][\/vc_row][vc_row][vc_column][vc_column_text][\/vc_column_text][\/vc_column][\/vc_row]<\/p>\n<\/section>","protected":false},"excerpt":{"rendered":"<p>[vc_row][vc_column width=&#8221;1\/2&#8243;][vc_column_text] Venda \/&nbsp;RVs usados [\/vc_column_text][vc_row_inner][vc_column_inner][vc_column_text]Fotos Externas[\/vc_column_text][vc_gallery interval=&#8221;3&#8243; images=&#8221;20088,20089,20090&#8243; img_size=&#8221;620&#215;420&#8243; onclick=&#8221;img_link_large&#8221; custom_links_target=&#8221;_blank&#8221;][vc_column_text]Fotos Internas[\/vc_column_text][vc_gallery interval=&#8221;3&#8243; images=&#8221;20091,20093,20098,20092,20094,20095,20096&#8243; img_size=&#8221;620&#215;420&#8243; onclick=&#8221;img_link_large&#8221; custom_links_target=&#8221;_blank&#8221;][\/vc_column_inner][\/vc_row_inner][vc_empty_space][\/vc_column][vc_column width=&#8221;1\/2&#8243;][vc_column_text]&nbsp; Trailer Importado Jayco 154bh Ano 2021 R$ 165.000,00[\/vc_column_text][vc_tta_tabs active_section=&#8221;1&#8243;][vc_tta_section title=&#8221;Descri\u00e7\u00e3o&#8221; tab_id=&#8221;1471526930947-32b6d156-f486&#8243;][vc_column_text]Trailer Importado Jayco mod 154BH ano 2021 &#8211; \u00fanico dono! &nbsp; Comprimento total (metros): 5,90 Comprimento carroceria (metros): 4,45 Altura externa total (metros): 2,75 Largura (metros): [&hellip;]<\/p>\n","protected":false},"author":1,"featured_media":0,"parent":14,"menu_order":0,"comment_status":"closed","ping_status":"closed","template":"","meta":{"_monsterinsights_skip_tracking":false,"_monsterinsights_sitenote_active":false,"_monsterinsights_sitenote_note":"","_monsterinsights_sitenote_category":0,"ngg_post_thumbnail":0},"_links":{"self":[{"href":"https:\/\/www.itutrailer.com.br\/site\/campismo\/wp-json\/wp\/v2\/pages\/20087"}],"collection":[{"href":"https:\/\/www.itutrailer.com.br\/site\/campismo\/wp-json\/wp\/v2\/pages"}],"about":[{"href":"https:\/\/www.itutrailer.com.br\/site\/campismo\/wp-json\/wp\/v2\/types\/page"}],"author":[{"embeddable":true,"href":"https:\/\/www.itutrailer.com.br\/site\/campismo\/wp-json\/wp\/v2\/users\/1"}],"replies":[{"embeddable":true,"href":"https:\/\/www.itutrailer.com.br\/site\/campismo\/wp-json\/wp\/v2\/comments?post=20087"}],"version-history":[{"count":1,"href":"https:\/\/www.itutrailer.com.br\/site\/campismo\/wp-json\/wp\/v2\/pages\/20087\/revisions"}],"predecessor-version":[{"id":20099,"href":"https:\/\/www.itutrailer.com.br\/site\/campismo\/wp-json\/wp\/v2\/pages\/20087\/revisions\/20099"}],"up":[{"embeddable":true,"href":"https:\/\/www.itutrailer.com.br\/site\/campismo\/wp-json\/wp\/v2\/pages\/14"}],"wp:attachment":[{"href":"https:\/\/www.itutrailer.com.br\/site\/campismo\/wp-json\/wp\/v2\/media?parent=20087"}],"curies":[{"name":"wp","href":"https:\/\/api.w.org\/{rel}","templated":true}]}}