{"id":14190,"date":"2023-11-30T11:36:21","date_gmt":"2023-11-30T14:36:21","guid":{"rendered":"https:\/\/www.itutrailer.com.br\/site\/campismo\/?page_id=14190"},"modified":"2026-04-27T08:49:55","modified_gmt":"2026-04-27T11:49:55","slug":"trailer-importado-winnebago-2108ds-d-0km","status":"publish","type":"page","link":"https:\/\/www.itutrailer.com.br\/site\/campismo\/venda\/trailer-importado-winnebago-2108ds-d-0km\/","title":{"rendered":"Trailer Importado Winnebago 2108ds (D) &#8211; 0km"},"content":{"rendered":"<section class=\"wpb-content-wrapper\"><p>[vc_row][vc_column width=&#8221;1\/2&#8243;][vc_column_text]<\/p>\n<h1><span style=\"color: #00ce6b; font-family: verdana, geneva, sans-serif;\">Venda \/&nbsp;<strong>RVs usados<\/strong><\/span><\/h1>\n<p>[\/vc_column_text][vc_row_inner][vc_column_inner][vc_column_text]<span style=\"font-family: arial, helvetica, sans-serif; font-size: 12pt;\">Fotos Externas<\/span>[\/vc_column_text][vc_gallery interval=&#8221;3&#8243; images=&#8221;20210,20212,20208,20211,20213,20209&#8243; img_size=&#8221;620&#215;420&#8243; onclick=&#8221;img_link_large&#8221; custom_links_target=&#8221;_blank&#8221;][vc_column_text]<span style=\"font-family: arial, helvetica, sans-serif; font-size: 12pt;\">Fotos Internas<\/span>[\/vc_column_text][vc_gallery interval=&#8221;3&#8243; images=&#8221;20150,20151,20152,20153,20154,20155,20156,20157,20158,20159,20160,20161,20162,20163,20164,20165&#8243; img_size=&#8221;620X420&#8243; onclick=&#8221;img_link_large&#8221; custom_links_target=&#8221;_blank&#8221;][\/vc_column_inner][\/vc_row_inner][vc_empty_space][\/vc_column][vc_column width=&#8221;1\/2&#8243;][vc_column_text]&nbsp;<\/p>\n<p><span style=\"font-size: 20; font-family: verdana, geneva, sans-serif; color: #808080;\"><strong>Trailer Importado Winnebago 2108ds (D) &#8211; 0km<\/strong><\/span><\/p>\n<p><span style=\"font-size: 32; font-family: verdana, geneva, sans-serif; color: #00ce6b;\"><b>R$ 404.000,00<\/b><\/span>[\/vc_column_text][vc_tta_tabs active_section=&#8221;1&#8243;][vc_tta_section title=&#8221;Descri\u00e7\u00e3o&#8221; tab_id=&#8221;1471526930947-32b6d156-f486&#8243;][vc_column_text]<strong><span style=\"font-family: arial, helvetica, sans-serif; font-size: 12pt;\">Pronta Entrega<\/span><\/strong><br \/>\n<strong><span style=\"font-family: arial, helvetica, sans-serif; font-size: 12pt;\">Especifica\u00e7\u00f5es 2108DS (D) &#8211; 0KM<\/span><\/strong><\/p>\n<p>&nbsp;<\/p>\n<p><span style=\"font-family: arial, helvetica, sans-serif; font-size: 12pt;\">Comprimento total: 7.25m<\/span><br \/>\n<span style=\"font-family: arial, helvetica, sans-serif; font-size: 12pt;\">Comprimento carroceria: 5.80m<\/span><br \/>\n<span style=\"font-family: arial, helvetica, sans-serif; font-size: 12pt;\">Altura externa total: 3.20m<\/span><br \/>\n<span style=\"font-family: arial, helvetica, sans-serif; font-size: 12pt;\">Altura interna: 1.93m<\/span><br \/>\n<span style=\"font-family: arial, helvetica, sans-serif; font-size: 12pt;\">Largura: 2.15m<\/span><br \/>\n<span style=\"font-family: arial, helvetica, sans-serif; font-size: 12pt;\">Altura do chassi em rela\u00e7\u00e3o ao solo: 48m<\/span><br \/>\n<span style=\"font-family: arial, helvetica, sans-serif; font-size: 12pt;\">Altura do engate em rela\u00e7\u00e3o ao solo: 62m<\/span><br \/>\n<span style=\"font-family: arial, helvetica, sans-serif; font-size: 12pt;\">Caixa de \u00e1gua limpa: 117L<\/span><br \/>\n<span style=\"font-family: arial, helvetica, sans-serif; font-size: 12pt;\">Aquecedor de \u00e1gua boiler: &#8211;<\/span><br \/>\n<span style=\"font-family: arial, helvetica, sans-serif; font-size: 12pt;\">Caixa de detritos: 94L<\/span><br \/>\n<span style=\"font-family: arial, helvetica, sans-serif; font-size: 12pt;\">Caixa de \u00e1gua servida: 94L<\/span><br \/>\n<span style=\"font-family: arial, helvetica, sans-serif; font-size: 12pt;\">N\u00famero de eixos: 2<\/span><br \/>\n<span style=\"font-family: arial, helvetica, sans-serif; font-size: 12pt;\">Pneus: 235\/75R15<\/span><\/p>\n<p>&nbsp;<\/p>\n<p><span style=\"font-family: arial, helvetica, sans-serif; font-size: 12pt;\">PBT T\u00e9cnico: 2.494kg<\/span><br \/>\n<span style=\"font-family: arial, helvetica, sans-serif; font-size: 12pt;\">Tara (peso do Trailer): 2.160kg<\/span><br \/>\n<span style=\"font-family: arial, helvetica, sans-serif; font-size: 12pt;\">Capacidade de carga t\u00e9cnica: 334kg<\/span><br \/>\n<span style=\"font-family: arial, helvetica, sans-serif; font-size: 12pt;\">Peso no engate: 230kg<\/span><\/p>\n<p>&nbsp;<\/p>\n<p><span style=\"font-family: arial, helvetica, sans-serif; font-size: 12pt;\">Abertura do slide-out: 75cm<\/span><br \/>\n<span style=\"font-family: arial, helvetica, sans-serif; font-size: 12pt;\">Ar condicionado frio: 13.500BTU<\/span><br \/>\n<span style=\"font-family: arial, helvetica, sans-serif; font-size: 12pt;\">Calefa\u00e7\u00e3o: 18.000BTU<\/span><br \/>\n<span style=\"font-family: arial, helvetica, sans-serif; font-size: 12pt;\">Comprimento do toldo: 4.57m<\/span><br \/>\n<span style=\"font-family: arial, helvetica, sans-serif; font-size: 12pt;\">Abertura do toldo: 2.40m<\/span><br \/>\n<span style=\"font-family: arial, helvetica, sans-serif; font-size: 12pt;\">Acomoda\u00e7\u00e3o: 4 pessoas<\/span><br \/>\n<span style=\"font-family: arial, helvetica, sans-serif; font-size: 12pt;\">Bagageiro: 1.022L<\/span><\/p>\n<p>&nbsp;<\/p>\n<p><strong><span style=\"font-family: arial, helvetica, sans-serif; font-size: 12pt;\">Chassi e componentes<\/span><\/strong><br \/>\n<span style=\"font-family: arial, helvetica, sans-serif; font-size: 12pt;\">Chassi de a\u00e7o estampado BAL com tecnologia NXG<\/span><br \/>\n<span style=\"font-family: arial, helvetica, sans-serif; font-size: 12pt;\">04 sapatas de apoio el\u00e9tricas com acionamento independente<\/span><br \/>\n<span style=\"font-family: arial, helvetica, sans-serif; font-size: 12pt;\">02 (duas) correntes de seguran\u00e7a<\/span><br \/>\n<span style=\"font-family: arial, helvetica, sans-serif; font-size: 12pt;\">Sistema de freio de emerg\u00eancia<\/span><br \/>\n<span style=\"font-family: arial, helvetica, sans-serif; font-size: 12pt;\">Escada de entrada retr\u00e1til com 02 degraus em alum\u00ednio<\/span><br \/>\n<span style=\"font-family: arial, helvetica, sans-serif; font-size: 12pt;\">Para-choque com local para guarda de mangueira de detritos<\/span><br \/>\n<span style=\"font-family: arial, helvetica, sans-serif; font-size: 12pt;\">Bequilha el\u00e9trica 12V com ilumina\u00e7\u00e3o<\/span><br \/>\n<span style=\"font-family: arial, helvetica, sans-serif; font-size: 12pt;\">Suporte para tomada 07 p\u00f3los no cabe\u00e7alho<\/span><br \/>\n<span style=\"font-family: arial, helvetica, sans-serif; font-size: 12pt;\">Engate traseiro para suporte de bicicleta (at\u00e9 150kg)<\/span><\/p>\n<p>&nbsp;<\/p>\n<p><strong><span style=\"font-family: arial, helvetica, sans-serif; font-size: 12pt;\">Eixos e freio<\/span><\/strong><br \/>\n<span style=\"font-family: arial, helvetica, sans-serif; font-size: 12pt;\">Eixos com exclusivo sistema EZ Lube<\/span><br \/>\n<span style=\"font-family: arial, helvetica, sans-serif; font-size: 12pt;\">Suspens\u00e3o em barras de tors\u00e3o Torflex<\/span><br \/>\n<span style=\"font-family: arial, helvetica, sans-serif; font-size: 12pt;\">Freios el\u00e9tricos em todas as rodas<\/span><br \/>\n<span style=\"font-family: arial, helvetica, sans-serif; font-size: 12pt;\">Rodas esportivas de alum\u00ednio aro 15<\/span><br \/>\n<span style=\"font-family: arial, helvetica, sans-serif; font-size: 12pt;\">Pneus radiais Goodyear 235 x 75 x 15 ATR<\/span><br \/>\n<span style=\"font-family: arial, helvetica, sans-serif; font-size: 12pt;\">Estepe com capa personalizada em ABS e adesivo em alto relevo<\/span><br \/>\n<span style=\"font-family: arial, helvetica, sans-serif; font-size: 12pt;\">Cal\u00e7o de roda<\/span><br \/>\n<span style=\"font-family: arial, helvetica, sans-serif; font-size: 12pt;\">Chave de roda<\/span><\/p>\n<p>&nbsp;<\/p>\n<p><strong><span style=\"font-family: arial, helvetica, sans-serif; font-size: 12pt;\">Carroceria<\/span><\/strong><br \/>\n<span style=\"font-family: arial, helvetica, sans-serif; font-size: 12pt;\">Frente \u00fanica de fiberglass com acabamento em Gel-Coat<\/span><br \/>\n<span style=\"font-family: arial, helvetica, sans-serif; font-size: 12pt;\">Estrutura de alum\u00ednio e revestimento interno laminado<\/span><br \/>\n<span style=\"font-family: arial, helvetica, sans-serif; font-size: 12pt;\">Revestimento frontal inferior para prote\u00e7\u00e3o na estrada<\/span><br \/>\n<span style=\"font-family: arial, helvetica, sans-serif; font-size: 12pt;\">Isolamento termoac\u00fastico desenvolvido para temperaturas extremas Azdel\u00ae<\/span><br \/>\n<span style=\"font-family: arial, helvetica, sans-serif; font-size: 12pt;\">Revestimento externo de fiberglass de alto brilho<\/span><br \/>\n<span style=\"font-family: arial, helvetica, sans-serif; font-size: 12pt;\">Bagageiros com chave e fixadores das portas com im\u00e3<\/span><br \/>\n<span style=\"font-family: arial, helvetica, sans-serif; font-size: 12pt;\">Bagageiro frontal com ilumina\u00e7\u00e3o interna<\/span><br \/>\n<span style=\"font-family: arial, helvetica, sans-serif; font-size: 12pt;\">Estrutura do piso em alum\u00ednio e compensado naval<\/span><br \/>\n<span style=\"font-family: arial, helvetica, sans-serif; font-size: 12pt;\">Porta de entrada com tela e visor de vidro<\/span><br \/>\n<span style=\"font-family: arial, helvetica, sans-serif; font-size: 12pt;\">Porta mosquiteira junto \u00e0 porta de entrada<\/span><br \/>\n<span style=\"font-family: arial, helvetica, sans-serif; font-size: 12pt;\">Corrim\u00e3o de entrada retr\u00e1til<\/span><br \/>\n<span style=\"font-family: arial, helvetica, sans-serif; font-size: 12pt;\">Escada de acesso ao teto<\/span><br \/>\n<span style=\"font-family: arial, helvetica, sans-serif; font-size: 12pt;\">Teto emborrachado sem emendas<\/span><br \/>\n<span style=\"font-family: arial, helvetica, sans-serif; font-size: 12pt;\">Calhas para escoamento de \u00e1gua nas quatro extremidades do Trailer<\/span><\/p>\n<p>&nbsp;<\/p>\n<p><strong><span style=\"font-family: arial, helvetica, sans-serif; font-size: 12pt;\">Detalhes externos<\/span><\/strong><br \/>\n<span style=\"font-family: arial, helvetica, sans-serif; font-size: 12pt;\">Lanternas e ilumina\u00e7\u00e3o externas em LED<\/span><br \/>\n<span style=\"font-family: arial, helvetica, sans-serif; font-size: 12pt;\">Ilumina\u00e7\u00e3o em LED dos perfis do Trailer<\/span><br \/>\n<span style=\"font-family: arial, helvetica, sans-serif; font-size: 12pt;\">Janelas de vidro temperado de correr com tela black-out<\/span><br \/>\n<span style=\"font-family: arial, helvetica, sans-serif; font-size: 12pt;\">Janela de sa\u00edda de emerg\u00eancia<\/span><br \/>\n<span style=\"font-family: arial, helvetica, sans-serif; font-size: 12pt;\">Prote\u00e7\u00e3o inferior das caixas d\u2019\u00e1gua<\/span><br \/>\n<span style=\"font-family: arial, helvetica, sans-serif; font-size: 12pt;\">Sa\u00edda auxiliar de g\u00e1s com engate r\u00e1pido<\/span><br \/>\n<span style=\"font-family: arial, helvetica, sans-serif; font-size: 12pt;\">Chuveiro externo com \u00e1gua quente e fria<\/span><br \/>\n<span style=\"font-family: arial, helvetica, sans-serif; font-size: 12pt;\">Botij\u00e3o de g\u00e1s P13 com caixa de fiberglass<\/span><\/p>\n<p>&nbsp;<\/p>\n<p><strong><span style=\"font-family: arial, helvetica, sans-serif; font-size: 12pt;\">Sistemas e entretenimento<\/span><\/strong><br \/>\n<span style=\"font-family: arial, helvetica, sans-serif; font-size: 12pt;\">Refrigera\u00e7\u00e3o e aquecimento<\/span><br \/>\n<span style=\"font-family: arial, helvetica, sans-serif; font-size: 12pt;\">Ar-condicionado de teto frio 13.500BTU\/H<\/span><br \/>\n<span style=\"font-family: arial, helvetica, sans-serif; font-size: 12pt;\">Calefa\u00e7\u00e3o de 18.000BTU\/H a g\u00e1s<\/span><\/p>\n<p>&nbsp;<\/p>\n<p><strong><span style=\"font-family: arial, helvetica, sans-serif; font-size: 12pt;\">Sistema hidr\u00e1ulico<\/span><\/strong><br \/>\n<span style=\"font-family: arial, helvetica, sans-serif; font-size: 12pt;\">Aquecedor de \u00e1gua de passagem, autom\u00e1tico, a g\u00e1s e el\u00e9trico<\/span><br \/>\n<span style=\"font-family: arial, helvetica, sans-serif; font-size: 12pt;\">Sistema de descongelamento de \u00e1gua 12V nos tr\u00eas tanques<\/span><br \/>\n<span style=\"font-family: arial, helvetica, sans-serif; font-size: 12pt;\">Torneiras e duchas com misturador<\/span><br \/>\n<span style=\"font-family: arial, helvetica, sans-serif; font-size: 12pt;\">Sistema de lavagem da caixa de H.T.<\/span><br \/>\n<span style=\"font-family: arial, helvetica, sans-serif; font-size: 12pt;\">Entrada de \u00e1gua direta<\/span><br \/>\n<span style=\"font-family: arial, helvetica, sans-serif; font-size: 12pt;\">Bocal para abastecimento da caixa de \u00e1gua limpa<\/span><br \/>\n<span style=\"font-family: arial, helvetica, sans-serif; font-size: 12pt;\">Computador de bordo com n\u00edvel de tanques all-in-one<\/span><br \/>\n<span style=\"font-family: arial, helvetica, sans-serif; font-size: 12pt;\">Bomba d\u2019\u00e1gua 12V<\/span><br \/>\n<span style=\"font-family: arial, helvetica, sans-serif; font-size: 12pt;\">15m de mangueira para abastecimento de \u00e1gua<\/span><br \/>\n<span style=\"font-family: arial, helvetica, sans-serif; font-size: 12pt;\">05m de mangueira de H.T.<\/span><\/p>\n<p>&nbsp;<\/p>\n<p><strong><span style=\"font-family: arial, helvetica, sans-serif; font-size: 12pt;\">Sistema el\u00e9trico<\/span><\/strong><br \/>\n<span style=\"font-family: arial, helvetica, sans-serif; font-size: 12pt;\">Tomadas USB (12V), USB-C (12V), 120V e 220V<\/span><br \/>\n<span style=\"font-family: arial, helvetica, sans-serif; font-size: 12pt;\">Conversor com estabilizador de voltagem de 4KVa. Entrada autom\u00e1tica de 90V a 135V \/ 190V a 240V e sa\u00eddas 120V\/220V.<\/span><br \/>\n<span style=\"font-family: arial, helvetica, sans-serif; font-size: 12pt;\">Prepara\u00e7\u00e3o para inversor<\/span><br \/>\n<span style=\"font-family: arial, helvetica, sans-serif; font-size: 12pt;\">Carregador de bateria autom\u00e1tico<\/span><br \/>\n<span style=\"font-family: arial, helvetica, sans-serif; font-size: 12pt;\">Chave geral para bateria<\/span><br \/>\n<span style=\"font-family: arial, helvetica, sans-serif; font-size: 12pt;\">20m de extens\u00e3o el\u00e9trica em cabo PP<\/span><br \/>\n<span style=\"font-family: arial, helvetica, sans-serif; font-size: 12pt;\">Ilumina\u00e7\u00e3o interna em LED<\/span><br \/>\n<span style=\"font-family: arial, helvetica, sans-serif; font-size: 12pt;\">Sistema de l\u00edtio com:<\/span><br \/>\n<span style=\"font-family: arial, helvetica, sans-serif; font-size: 12pt;\">Bateria de l\u00edtio de 150A<\/span><br \/>\n<span style=\"font-family: arial, helvetica, sans-serif; font-size: 12pt;\">DC\/DC 40A<\/span><br \/>\n<span style=\"font-family: arial, helvetica, sans-serif; font-size: 12pt;\">Display monitor<\/span><br \/>\n<span style=\"font-family: arial, helvetica, sans-serif; font-size: 12pt;\">Central el\u00e9trica WFCO com carregador de bateria inteligente<\/span><br \/>\n<span style=\"font-family: arial, helvetica, sans-serif; font-size: 12pt;\">Placa solar 200W<\/span><br \/>\n<span style=\"font-family: arial, helvetica, sans-serif; font-size: 12pt;\">Controlador solar PWM 30A, bluetooth<\/span><\/p>\n<p>&nbsp;<\/p>\n<p><strong><span style=\"font-family: arial, helvetica, sans-serif; font-size: 12pt;\">Entretenimento<\/span><\/strong><br \/>\n<span style=\"font-family: arial, helvetica, sans-serif; font-size: 12pt;\">Antena de TV Winegard 360\u00ba para canal aberto com booster<\/span><br \/>\n<span style=\"font-family: arial, helvetica, sans-serif; font-size: 12pt;\">Tomada com ponto de sa\u00edda de antena para TV externa<\/span><br \/>\n<span style=\"font-family: arial, helvetica, sans-serif; font-size: 12pt;\">Ponto de entrada para antena externa<\/span><br \/>\n<span style=\"font-family: arial, helvetica, sans-serif; font-size: 12pt;\">Alto-falantes externos e internos JBL<\/span><br \/>\n<span style=\"font-family: arial, helvetica, sans-serif; font-size: 12pt;\">Toldo el\u00e9trico com ilumina\u00e7\u00e3o LED<\/span><br \/>\n<span style=\"font-family: arial, helvetica, sans-serif; font-size: 12pt;\">Sistema de \u00e1udio dual-zone Bluetooth JBL<\/span><br \/>\n<span style=\"font-family: arial, helvetica, sans-serif; font-size: 12pt;\">TV de LED 32&#8243; Smart<\/span><br \/>\n<span style=\"font-family: arial, helvetica, sans-serif; font-size: 12pt;\">Painel de controle do Trailer all-in-one exclusivo Winnebago<\/span><br \/>\n<span style=\"font-family: arial, helvetica, sans-serif; font-size: 12pt;\">Arm\u00e1rios e gavetas com sistema de fechamento slow-motion<\/span><\/p>\n<p>&nbsp;<\/p>\n<p><strong><span style=\"font-family: arial, helvetica, sans-serif; font-size: 12pt;\">Detalhes e Seguran\u00e7a<\/span><\/strong><br \/>\n<span style=\"font-family: arial, helvetica, sans-serif; font-size: 12pt;\">Quarto\/Sala<\/span><br \/>\n<span style=\"font-family: arial, helvetica, sans-serif; font-size: 12pt;\">Colch\u00e3o extra-comfort<\/span><br \/>\n<span style=\"font-family: arial, helvetica, sans-serif; font-size: 12pt;\">Cama de casal escamote\u00e1vel (1.88m x 1.45m)<\/span><br \/>\n<span style=\"font-family: arial, helvetica, sans-serif; font-size: 12pt;\">Lumin\u00e1rias de leitura<\/span><br \/>\n<span style=\"font-family: arial, helvetica, sans-serif; font-size: 12pt;\">Arm\u00e1rios e bancadas nas laterais da cama<\/span><br \/>\n<span style=\"font-family: arial, helvetica, sans-serif; font-size: 12pt;\">Sof\u00e1 dois lugares, com gavetas, embaixo da cama de casal<\/span><br \/>\n<span style=\"font-family: arial, helvetica, sans-serif; font-size: 12pt;\">Slide-out el\u00e9trico 12V<\/span><br \/>\n<span style=\"font-family: arial, helvetica, sans-serif; font-size: 12pt;\">Dinete, com tulha, revers\u00edvel em cama (1.79m x 1.06m)<\/span><br \/>\n<span style=\"font-family: arial, helvetica, sans-serif; font-size: 12pt;\">Arm\u00e1rios em cima e embaixo da TV<\/span><br \/>\n<span style=\"font-family: arial, helvetica, sans-serif; font-size: 12pt;\">Clarab\u00f3ia com exaustor<\/span><\/p>\n<p>&nbsp;<\/p>\n<p><strong><span style=\"font-family: arial, helvetica, sans-serif; font-size: 12pt;\">Cozinha<\/span><\/strong><br \/>\n<span style=\"font-family: arial, helvetica, sans-serif; font-size: 12pt;\">Geladeira duplex 12V de 283L ou a g\u00e1s\/el\u00e9trica de 249L<\/span><br \/>\n<span style=\"font-family: arial, helvetica, sans-serif; font-size: 12pt;\">Forno micro-ondas 2 em 1 (micro-ondas e forno el\u00e9trico) de 31L<\/span><br \/>\n<span style=\"font-family: arial, helvetica, sans-serif; font-size: 12pt;\">Fog\u00e3o de 02 bocas com tampa de vidro retr\u00e1til<\/span><br \/>\n<span style=\"font-family: arial, helvetica, sans-serif; font-size: 12pt;\">Tampa para cuba<\/span><br \/>\n<span style=\"font-family: arial, helvetica, sans-serif; font-size: 12pt;\">Torneira monocomando<\/span><br \/>\n<span style=\"font-family: arial, helvetica, sans-serif; font-size: 12pt;\">Cuba da pia rebaixada<\/span><br \/>\n<span style=\"font-family: arial, helvetica, sans-serif; font-size: 12pt;\">Gavetas com corredi\u00e7as telesc\u00f3picas slow-motion<\/span><br \/>\n<span style=\"font-family: arial, helvetica, sans-serif; font-size: 12pt;\">Bancada auxiliar retr\u00e1til<\/span><br \/>\n<span style=\"font-family: arial, helvetica, sans-serif; font-size: 12pt;\">Arm\u00e1rios sob a pia e o fog\u00e3o<\/span><br \/>\n<span style=\"font-family: arial, helvetica, sans-serif; font-size: 12pt;\">Arm\u00e1rios sobre a bancada da cozinha<\/span><br \/>\n<span style=\"font-family: arial, helvetica, sans-serif; font-size: 12pt;\">Ilumina\u00e7\u00e3o embaixo do arm\u00e1rio que fica sobre a bancada da pia<\/span><\/p>\n<p><strong><span style=\"font-family: arial, helvetica, sans-serif; font-size: 12pt;\">WC e box<\/span><\/strong><br \/>\n<span style=\"font-family: arial, helvetica, sans-serif; font-size: 12pt;\">Dome Skylight no box<\/span><br \/>\n<span style=\"font-family: arial, helvetica, sans-serif; font-size: 12pt;\">Clarab\u00f3ia com exaustor<\/span><br \/>\n<span style=\"font-family: arial, helvetica, sans-serif; font-size: 12pt;\">Box para banho em ABS com porta exclusiva<\/span><br \/>\n<span style=\"font-family: arial, helvetica, sans-serif; font-size: 12pt;\">Sanit\u00e1rio de cer\u00e2mica com acionamento por pedal<\/span><br \/>\n<span style=\"font-family: arial, helvetica, sans-serif; font-size: 12pt;\">Pia com cuba em a\u00e7o inox<\/span><br \/>\n<span style=\"font-family: arial, helvetica, sans-serif; font-size: 12pt;\">Arm\u00e1rios<\/span><br \/>\n<span style=\"font-family: arial, helvetica, sans-serif; font-size: 12pt;\">Gabinete com espelho<\/span><br \/>\n<span style=\"font-family: arial, helvetica, sans-serif; font-size: 12pt;\">Porta de correr<\/span><\/p>\n<p>&nbsp;<\/p>\n<p><strong><span style=\"font-family: arial, helvetica, sans-serif; font-size: 12pt;\">Seguran\u00e7a<\/span><\/strong><br \/>\n<span style=\"font-family: arial, helvetica, sans-serif; font-size: 12pt;\">Alarme com detector de g\u00e1s e CO<\/span><br \/>\n<span style=\"font-family: arial, helvetica, sans-serif; font-size: 12pt;\">Alarme com detector de fuma\u00e7a<\/span><br \/>\n<span style=\"font-family: arial, helvetica, sans-serif; font-size: 12pt;\">Prepara\u00e7\u00e3o para rastreador<\/span><br \/>\n<span style=\"font-family: arial, helvetica, sans-serif; font-size: 12pt;\">Prepara\u00e7\u00e3o para c\u00e2mera de r\u00e9<\/span><\/p>\n<p>&nbsp;<\/p>\n<p><span style=\"font-family: arial, helvetica, sans-serif; font-size: 12pt;\">*As informa\u00e7\u00f5es das fotos e de toda a descri\u00e7\u00e3o do produto podem sofrer altera\u00e7\u00f5es sem pr\u00e9vio aviso.<\/span><br \/>\n<span style=\"font-family: arial, helvetica, sans-serif; font-size: 12pt;\">*As fotos apresentadas podem conter opcionais instalados.<\/span><br \/>\n<span style=\"font-family: arial, helvetica, sans-serif; font-size: 12pt;\">Caso tenha alguma d\u00favida, favor entrar em contato com uma de nossas revendas.<\/span>[\/vc_column_text][\/vc_tta_section][\/vc_tta_tabs][\/vc_column][\/vc_row][vc_row][vc_column][vc_column_text][\/vc_column_text][\/vc_column][\/vc_row]<\/p>\n<\/section>","protected":false},"excerpt":{"rendered":"<p>[vc_row][vc_column width=&#8221;1\/2&#8243;][vc_column_text] Venda \/&nbsp;RVs usados [\/vc_column_text][vc_row_inner][vc_column_inner][vc_column_text]Fotos Externas[\/vc_column_text][vc_gallery interval=&#8221;3&#8243; images=&#8221;20210,20212,20208,20211,20213,20209&#8243; img_size=&#8221;620&#215;420&#8243; onclick=&#8221;img_link_large&#8221; custom_links_target=&#8221;_blank&#8221;][vc_column_text]Fotos Internas[\/vc_column_text][vc_gallery interval=&#8221;3&#8243; images=&#8221;20150,20151,20152,20153,20154,20155,20156,20157,20158,20159,20160,20161,20162,20163,20164,20165&#8243; img_size=&#8221;620X420&#8243; onclick=&#8221;img_link_large&#8221; custom_links_target=&#8221;_blank&#8221;][\/vc_column_inner][\/vc_row_inner][vc_empty_space][\/vc_column][vc_column width=&#8221;1\/2&#8243;][vc_column_text]&nbsp; Trailer Importado Winnebago 2108ds (D) &#8211; 0km R$ 404.000,00[\/vc_column_text][vc_tta_tabs active_section=&#8221;1&#8243;][vc_tta_section title=&#8221;Descri\u00e7\u00e3o&#8221; tab_id=&#8221;1471526930947-32b6d156-f486&#8243;][vc_column_text]Pronta Entrega Especifica\u00e7\u00f5es 2108DS (D) &#8211; 0KM &nbsp; Comprimento total: 7.25m Comprimento carroceria: 5.80m Altura externa total: 3.20m Altura interna: 1.93m Largura: 2.15m Altura do [&hellip;]<\/p>\n","protected":false},"author":1,"featured_media":0,"parent":14,"menu_order":0,"comment_status":"closed","ping_status":"closed","template":"","meta":{"_monsterinsights_skip_tracking":false,"_monsterinsights_sitenote_active":false,"_monsterinsights_sitenote_note":"","_monsterinsights_sitenote_category":0,"ngg_post_thumbnail":0},"_links":{"self":[{"href":"https:\/\/www.itutrailer.com.br\/site\/campismo\/wp-json\/wp\/v2\/pages\/14190"}],"collection":[{"href":"https:\/\/www.itutrailer.com.br\/site\/campismo\/wp-json\/wp\/v2\/pages"}],"about":[{"href":"https:\/\/www.itutrailer.com.br\/site\/campismo\/wp-json\/wp\/v2\/types\/page"}],"author":[{"embeddable":true,"href":"https:\/\/www.itutrailer.com.br\/site\/campismo\/wp-json\/wp\/v2\/users\/1"}],"replies":[{"embeddable":true,"href":"https:\/\/www.itutrailer.com.br\/site\/campismo\/wp-json\/wp\/v2\/comments?post=14190"}],"version-history":[{"count":14,"href":"https:\/\/www.itutrailer.com.br\/site\/campismo\/wp-json\/wp\/v2\/pages\/14190\/revisions"}],"predecessor-version":[{"id":20214,"href":"https:\/\/www.itutrailer.com.br\/site\/campismo\/wp-json\/wp\/v2\/pages\/14190\/revisions\/20214"}],"up":[{"embeddable":true,"href":"https:\/\/www.itutrailer.com.br\/site\/campismo\/wp-json\/wp\/v2\/pages\/14"}],"wp:attachment":[{"href":"https:\/\/www.itutrailer.com.br\/site\/campismo\/wp-json\/wp\/v2\/media?parent=14190"}],"curies":[{"name":"wp","href":"https:\/\/api.w.org\/{rel}","templated":true}]}}